{"id":21,"date":"2021-07-20T20:08:32","date_gmt":"2021-07-20T20:08:32","guid":{"rendered":"http:\/\/corporacionploc.org\/webploc\/?page_id=21"},"modified":"2022-11-23T19:34:02","modified_gmt":"2022-11-23T19:34:02","slug":"patrimonio","status":"publish","type":"page","link":"https:\/\/corporacionploc.org\/webploc\/nuestros-ejes\/patrimonio\/","title":{"rendered":"Patrimonio"},"content":{"rendered":"\n<p><\/p>\n\n\n\n<div class=\"wp-block-columns are-vertically-aligned-center is-layout-flex wp-container-core-columns-is-layout-28f84493 wp-block-columns-is-layout-flex\">\n<div class=\"wp-block-column is-vertically-aligned-center is-layout-flow wp-block-column-is-layout-flow\" style=\"flex-basis:40%\">\n<h4 class=\"has-text-align-left wp-block-heading\" id=\"finalizan-obras-de-restauracion-de-fachadas-de-casa-werner-en-puerto-octay\">Exposici\u00f3n de obras del maestro Osvaldo Thiers<\/h4>\n\n\n\n<p>El viernes 30 de septiembre se dio inicio en el segundo nivel del Mercado Municipal de Puerto Octay, de la primera Exhibici\u00f3n de Obras del Maestro Osvaldo Thiers.<\/p>\n\n\n\n<p><strong>Qui\u00e9n es Osvaldo Thiers?<\/strong><\/p>\n\n\n\n<p>Artista hiperrealista y surrealista de la comuna de Puerto Octay. Estudi\u00f3 en la Pontificia Universidad Cat\u00f3lica de Chile, se perfeccion\u00f3 en la Escuela de Bellas Artes de Par\u00eds \u2013 Francia y actualmente est\u00e1 ligado acad\u00e9micamente a la Universidad de Los Lagos en Osorno.<\/p>\n\n\n\n<p>Osvaldo Thiers es considerado uno de los artistas visuales m\u00e1s importantes de Chile y es parte del patrimonio inmaterial de la comuna de Puerto Octay.<\/p>\n\n\n\n<div class=\"wp-block-buttons is-horizontal is-content-justification-center is-layout-flex wp-container-core-buttons-is-layout-03627597 wp-block-buttons-is-layout-flex\"><\/div>\n<\/div>\n\n\n\n<div class=\"wp-block-column is-vertically-aligned-center is-layout-flow wp-block-column-is-layout-flow\" style=\"flex-basis:60%\">\n<figure class=\"wp-block-image size-large\"><img data-recalc-dims=\"1\" loading=\"lazy\" decoding=\"async\" width=\"1543\" height=\"1158\" data-attachment-id=\"647\" data-permalink=\"https:\/\/corporacionploc.org\/webploc\/photo-2022-10-19-19-50-51-1-2\/\" data-orig-file=\"https:\/\/i0.wp.com\/corporacionploc.org\/webploc\/wp-content\/uploads\/2022\/10\/PHOTO-2022-10-19-19-50-51-1-edited.jpg?fit=1543%2C1158&amp;ssl=1\" data-orig-size=\"1543,1158\" data-comments-opened=\"1\" data-image-meta=\"{&quot;aperture&quot;:&quot;0&quot;,&quot;credit&quot;:&quot;&quot;,&quot;camera&quot;:&quot;&quot;,&quot;caption&quot;:&quot;&quot;,&quot;created_timestamp&quot;:&quot;0&quot;,&quot;copyright&quot;:&quot;&quot;,&quot;focal_length&quot;:&quot;0&quot;,&quot;iso&quot;:&quot;0&quot;,&quot;shutter_speed&quot;:&quot;0&quot;,&quot;title&quot;:&quot;&quot;,&quot;orientation&quot;:&quot;0&quot;}\" data-image-title=\"PHOTO-2022-10-19-19-50-51-1\" data-image-description=\"\" data-image-caption=\"\" data-medium-file=\"https:\/\/i0.wp.com\/corporacionploc.org\/webploc\/wp-content\/uploads\/2022\/10\/PHOTO-2022-10-19-19-50-51-1-edited.jpg?fit=300%2C225&amp;ssl=1\" data-large-file=\"https:\/\/i0.wp.com\/corporacionploc.org\/webploc\/wp-content\/uploads\/2022\/10\/PHOTO-2022-10-19-19-50-51-1-edited.jpg?fit=1024%2C768&amp;ssl=1\" src=\"https:\/\/i0.wp.com\/corporacionploc.org\/webploc\/wp-content\/uploads\/2022\/10\/PHOTO-2022-10-19-19-50-51-1-edited.jpg?resize=1543%2C1158&#038;ssl=1\" alt=\"\" class=\"wp-image-647\" srcset=\"https:\/\/i0.wp.com\/corporacionploc.org\/webploc\/wp-content\/uploads\/2022\/10\/PHOTO-2022-10-19-19-50-51-1-edited.jpg?w=1543&amp;ssl=1 1543w, https:\/\/i0.wp.com\/corporacionploc.org\/webploc\/wp-content\/uploads\/2022\/10\/PHOTO-2022-10-19-19-50-51-1-edited.jpg?resize=300%2C225&amp;ssl=1 300w, https:\/\/i0.wp.com\/corporacionploc.org\/webploc\/wp-content\/uploads\/2022\/10\/PHOTO-2022-10-19-19-50-51-1-edited.jpg?resize=1024%2C768&amp;ssl=1 1024w, https:\/\/i0.wp.com\/corporacionploc.org\/webploc\/wp-content\/uploads\/2022\/10\/PHOTO-2022-10-19-19-50-51-1-edited.jpg?resize=768%2C576&amp;ssl=1 768w, https:\/\/i0.wp.com\/corporacionploc.org\/webploc\/wp-content\/uploads\/2022\/10\/PHOTO-2022-10-19-19-50-51-1-edited.jpg?resize=1536%2C1153&amp;ssl=1 1536w\" sizes=\"auto, (max-width: 1000px) 100vw, 1000px\" \/><\/figure>\n<\/div>\n<\/div>\n\n\n\n<div style=\"height:64px\" aria-hidden=\"true\" class=\"wp-block-spacer\"><\/div>\n\n\n\n<div class=\"wp-block-columns are-vertically-aligned-center is-layout-flex wp-container-core-columns-is-layout-28f84493 wp-block-columns-is-layout-flex\">\n<div class=\"wp-block-column is-vertically-aligned-center is-layout-flow wp-block-column-is-layout-flow\" style=\"flex-basis:40%\">\n<h4 class=\"has-text-align-left wp-block-heading\" id=\"finalizan-obras-de-restauracion-de-fachadas-de-casa-werner-en-puerto-octay\">Finalizan obras de restauraci\u00f3n de fachadas de Casa Werner en Puerto Octay<\/h4>\n\n\n\n<p>Entre amigos, familiares, vecinos y representantes&nbsp;&nbsp;del mundo p\u00fablico&nbsp;&nbsp;se celebr\u00f3&nbsp;&nbsp;el jueves 13 de octubre, la inauguraci\u00f3n de la muestra fotogr\u00e1fica \u00abRestauraci\u00f3n&nbsp;&nbsp;de Fachadas Casa Werner\u201d montaje que expone en los espacios del segundo piso de la propia casona una serie de im\u00e1genes de registro de su proceso de recuperaci\u00f3n, marcando un hito de cierre en las obras que han permitido recuperar la envolvente de esta casona emblem\u00e1tica emplazada en Puerto Octay, en el acceso desde el sur, y que para quienes conocen la ciudad, probablemente sea recordada por el profundo deterioro que mostraba, producto de su antig\u00fcedad, su exposici\u00f3n al clima, su baja mantenci\u00f3n y principalmente por impactos de camiones que la afectaron en diversas oportunidades, consecuencia de la pronunciada pendiente y el sentido de tr\u00e1nsito de la calle que la casa enfrenta y que atraviesa la localidad de norte a sur.<\/p>\n\n\n\n<div class=\"wp-block-buttons is-horizontal is-content-justification-center is-layout-flex wp-container-core-buttons-is-layout-03627597 wp-block-buttons-is-layout-flex\"><\/div>\n<\/div>\n\n\n\n<div class=\"wp-block-column is-vertically-aligned-center is-layout-flow wp-block-column-is-layout-flow\" style=\"flex-basis:60%\">\n<figure class=\"wp-block-image size-large\"><img data-recalc-dims=\"1\" loading=\"lazy\" decoding=\"async\" width=\"1024\" height=\"768\" data-attachment-id=\"629\" data-permalink=\"https:\/\/corporacionploc.org\/webploc\/img_4377\/\" data-orig-file=\"https:\/\/i0.wp.com\/corporacionploc.org\/webploc\/wp-content\/uploads\/2022\/10\/IMG_4377.jpg?fit=1152%2C864&amp;ssl=1\" data-orig-size=\"1152,864\" data-comments-opened=\"1\" data-image-meta=\"{&quot;aperture&quot;:&quot;0&quot;,&quot;credit&quot;:&quot;&quot;,&quot;camera&quot;:&quot;&quot;,&quot;caption&quot;:&quot;&quot;,&quot;created_timestamp&quot;:&quot;1666795982&quot;,&quot;copyright&quot;:&quot;&quot;,&quot;focal_length&quot;:&quot;0&quot;,&quot;iso&quot;:&quot;0&quot;,&quot;shutter_speed&quot;:&quot;0&quot;,&quot;title&quot;:&quot;&quot;,&quot;orientation&quot;:&quot;0&quot;}\" data-image-title=\"IMG_4377\" data-image-description=\"\" data-image-caption=\"\" data-medium-file=\"https:\/\/i0.wp.com\/corporacionploc.org\/webploc\/wp-content\/uploads\/2022\/10\/IMG_4377.jpg?fit=300%2C225&amp;ssl=1\" data-large-file=\"https:\/\/i0.wp.com\/corporacionploc.org\/webploc\/wp-content\/uploads\/2022\/10\/IMG_4377.jpg?fit=1024%2C768&amp;ssl=1\" src=\"https:\/\/i0.wp.com\/corporacionploc.org\/webploc\/wp-content\/uploads\/2022\/10\/IMG_4377.jpg?resize=1024%2C768&#038;ssl=1\" alt=\"\" class=\"wp-image-629\" srcset=\"https:\/\/i0.wp.com\/corporacionploc.org\/webploc\/wp-content\/uploads\/2022\/10\/IMG_4377.jpg?resize=1024%2C768&amp;ssl=1 1024w, https:\/\/i0.wp.com\/corporacionploc.org\/webploc\/wp-content\/uploads\/2022\/10\/IMG_4377.jpg?resize=300%2C225&amp;ssl=1 300w, https:\/\/i0.wp.com\/corporacionploc.org\/webploc\/wp-content\/uploads\/2022\/10\/IMG_4377.jpg?resize=768%2C576&amp;ssl=1 768w, https:\/\/i0.wp.com\/corporacionploc.org\/webploc\/wp-content\/uploads\/2022\/10\/IMG_4377.jpg?w=1152&amp;ssl=1 1152w\" sizes=\"auto, (max-width: 1000px) 100vw, 1000px\" \/><\/figure>\n<\/div>\n<\/div>\n\n\n\n<hr class=\"wp-block-separator has-text-color has-white-color has-css-opacity has-white-background-color has-background is-style-wide\"\/>\n\n\n\n<div style=\"height:64px\" aria-hidden=\"true\" class=\"wp-block-spacer\"><\/div>\n\n\n\n<h3 class=\"wp-block-heading\" id=\"acciones-vinculantes\"> Acciones vinculantes<\/h3>\n\n\n\n<div class=\"wp-block-columns are-vertically-aligned-center is-layout-flex wp-container-core-columns-is-layout-28f84493 wp-block-columns-is-layout-flex\">\n<div class=\"wp-block-column is-vertically-aligned-center is-layout-flow wp-block-column-is-layout-flow\" style=\"flex-basis:40%\">\n<h4 class=\"has-text-align-left wp-block-heading\" id=\"diseno-mercado-y-centro-de-exposiciones-puerto-octay-fril\"><meta charset=\"utf-8\">Dise\u00f1o Mercado y Centro de exposiciones Puerto Octay \u2013 FRIL<\/h4>\n\n\n\n<p class=\"has-black-color has-text-color\"><meta charset=\"utf-8\">Participamos en la construcci\u00f3n del Mercado de Puerto Octay con la donaci\u00f3n del dise\u00f1o arquitect\u00f3nico. Financiado por un fondo FRIL, este edificio ejecutado por la Municipalidad de Puerto Octay se convertir\u00e1 en un centro de encuentro e intercambio para la producci\u00f3n local de hortalizas y artesan\u00eda.<\/p>\n\n\n\n<div class=\"wp-block-buttons is-horizontal is-content-justification-center is-layout-flex wp-container-core-buttons-is-layout-03627597 wp-block-buttons-is-layout-flex\"><\/div>\n<\/div>\n\n\n\n<div class=\"wp-block-column is-vertically-aligned-center is-layout-flow wp-block-column-is-layout-flow\" style=\"flex-basis:60%\">\n\n\n\n<p><\/p>\n<\/div>\n<\/div>\n\n\n\n<hr class=\"wp-block-separator has-text-color has-white-color has-css-opacity has-white-background-color has-background is-style-wide\"\/>\n\n\n\n<div style=\"height:64px\" aria-hidden=\"true\" class=\"wp-block-spacer\"><\/div>\n\n\n\n<h3 class=\"wp-block-heading\" id=\"acciones-vinculantes\"> Acciones vinculantes<\/h3>\n\n\n\n<div class=\"wp-block-columns are-vertically-aligned-center is-layout-flex wp-container-core-columns-is-layout-28f84493 wp-block-columns-is-layout-flex\">\n<div class=\"wp-block-column is-vertically-aligned-center is-layout-flow wp-block-column-is-layout-flow\" style=\"flex-basis:60%\">\n\n\n\n<p><\/p>\n<\/div>\n\n\n\n<div class=\"wp-block-column is-vertically-aligned-center is-layout-flow wp-block-column-is-layout-flow\" style=\"flex-basis:40%\">\n<h4 class=\"has-black-color has-text-color wp-block-heading\" id=\"botes-de-octay\"><meta charset=\"utf-8\">Botes de Octay<meta charset=\"utf-8\"><\/h4>\n\n\n\n<p class=\"has-black-color has-text-color\">Apadrinamos un proyecto de Prototipo de Innovaci\u00f3n Social financiado por CORFO, a trav\u00e9s del cual la Escuela de Vela puso en marcha este proyecto que busca recuperar la tradici\u00f3n n\u00e1utica local a la vez que ofrecer una instancia de participaci\u00f3n deportiva y socio-comunitaria. A la par de los talleres de autoconstrucci\u00f3n de veleros Optimist, se desarroll\u00f3 el encuentro \u201cVelas y Vetas\u201d, en el que confluyeron deportistas, maestros carpinteros y referentes nacionales de la navegaci\u00f3n.&nbsp;<\/p>\n\n\n\n<p class=\"has-black-color has-text-color\">Actualmente funciona la Escula de Vela, que ofrece clases gratuitas a ni\u00f1os y ni\u00f1as octayinos y los prepara para participar de competencias regionales.&nbsp;<\/p>\n<\/div>\n<\/div>\n\n\n\n<div style=\"height:60px\" aria-hidden=\"true\" class=\"wp-block-spacer\"><\/div>\n\n\n\n<div class=\"wp-block-columns are-vertically-aligned-center is-layout-flex wp-container-core-columns-is-layout-28f84493 wp-block-columns-is-layout-flex\">\n<div class=\"wp-block-column is-vertically-aligned-center is-layout-flow wp-block-column-is-layout-flow\" style=\"flex-basis:40%\">\n<h4 class=\"has-black-color has-text-color wp-block-heading\" id=\"viva-leer\"><meta charset=\"utf-8\">Viva Leer<meta charset=\"utf-8\"><\/h4>\n\n\n\n<p class=\"has-black-color has-text-color\">Participamos de la postulaci\u00f3n de la Escuela Rural de Las Cascadas en la 7ma edici\u00f3n del concurso \u201cViva Leer\u201d, financiado por COPEC y la Fundaci\u00f3n La Fuente, gracias al cual se implementar\u00e1 en la instituci\u00f3n nueva biblioteca comunitaria.<\/p>\n\n\n\n<p><\/p>\n<\/div>\n\n\n\n<div class=\"wp-block-column is-vertically-aligned-center is-layout-flow wp-block-column-is-layout-flow\" style=\"flex-basis:60%\">\n<figure class=\"wp-block-gallery has-nested-images columns-1 is-cropped wp-block-gallery-1 is-layout-flex wp-block-gallery-is-layout-flex\"><\/figure>\n\n\n\n<figure class=\"wp-block-image aligncenter size-full\"><img data-recalc-dims=\"1\" loading=\"lazy\" decoding=\"async\" width=\"598\" height=\"600\" data-attachment-id=\"139\" data-permalink=\"https:\/\/corporacionploc.org\/webploc\/nuestros-ejes\/patrimonio\/1-viva-leer-7ma-ed\/\" data-orig-file=\"https:\/\/i0.wp.com\/corporacionploc.org\/webploc\/wp-content\/uploads\/2021\/07\/1-VIVA-LEER-7MA-ED.png?fit=598%2C600&amp;ssl=1\" data-orig-size=\"598,600\" data-comments-opened=\"1\" data-image-meta=\"{&quot;aperture&quot;:&quot;0&quot;,&quot;credit&quot;:&quot;&quot;,&quot;camera&quot;:&quot;&quot;,&quot;caption&quot;:&quot;&quot;,&quot;created_timestamp&quot;:&quot;0&quot;,&quot;copyright&quot;:&quot;&quot;,&quot;focal_length&quot;:&quot;0&quot;,&quot;iso&quot;:&quot;0&quot;,&quot;shutter_speed&quot;:&quot;0&quot;,&quot;title&quot;:&quot;&quot;,&quot;orientation&quot;:&quot;0&quot;}\" data-image-title=\"1 VIVA LEER 7MA ED\" data-image-description=\"\" data-image-caption=\"\" data-medium-file=\"https:\/\/i0.wp.com\/corporacionploc.org\/webploc\/wp-content\/uploads\/2021\/07\/1-VIVA-LEER-7MA-ED.png?fit=300%2C300&amp;ssl=1\" data-large-file=\"https:\/\/i0.wp.com\/corporacionploc.org\/webploc\/wp-content\/uploads\/2021\/07\/1-VIVA-LEER-7MA-ED.png?fit=598%2C600&amp;ssl=1\" src=\"https:\/\/i0.wp.com\/corporacionploc.org\/webploc\/wp-content\/uploads\/2021\/07\/1-VIVA-LEER-7MA-ED.png?resize=598%2C600\" alt=\"\" class=\"wp-image-139\" srcset=\"https:\/\/i0.wp.com\/corporacionploc.org\/webploc\/wp-content\/uploads\/2021\/07\/1-VIVA-LEER-7MA-ED.png?w=598&amp;ssl=1 598w, https:\/\/i0.wp.com\/corporacionploc.org\/webploc\/wp-content\/uploads\/2021\/07\/1-VIVA-LEER-7MA-ED.png?resize=300%2C300&amp;ssl=1 300w, https:\/\/i0.wp.com\/corporacionploc.org\/webploc\/wp-content\/uploads\/2021\/07\/1-VIVA-LEER-7MA-ED.png?resize=150%2C150&amp;ssl=1 150w, https:\/\/i0.wp.com\/corporacionploc.org\/webploc\/wp-content\/uploads\/2021\/07\/1-VIVA-LEER-7MA-ED.png?resize=275%2C275&amp;ssl=1 275w, https:\/\/i0.wp.com\/corporacionploc.org\/webploc\/wp-content\/uploads\/2021\/07\/1-VIVA-LEER-7MA-ED.png?resize=75%2C75&amp;ssl=1 75w\" sizes=\"auto, (max-width: 598px) 100vw, 598px\" \/><\/figure>\n<\/div>\n<\/div>\n\n\n\n<div style=\"height:60px\" aria-hidden=\"true\" class=\"wp-block-spacer\"><\/div>\n\n\n\n<div class=\"wp-block-columns are-vertically-aligned-center is-layout-flex wp-container-core-columns-is-layout-28f84493 wp-block-columns-is-layout-flex\">\n<div class=\"wp-block-column is-vertically-aligned-center is-layout-flow wp-block-column-is-layout-flow\" style=\"flex-basis:60%\">\n<\/div>\n\n\n\n<div class=\"wp-block-column is-vertically-aligned-center is-layout-flow wp-block-column-is-layout-flow\" style=\"flex-basis:40%\">\n<h4 class=\"has-black-color has-text-color wp-block-heading\" id=\"arte-y-comparte\"><meta charset=\"utf-8\">Arte y Comparte<meta charset=\"utf-8\"><\/h4>\n\n\n\n<p class=\"has-black-color has-text-color\">Hicimos posibles dos talleres de la Fundaci\u00f3n Arte y Comparte en la Plaza de Armas de Puerto Octay. Desarrollando uno de sus programas llamado \u201cArtci\u00f3n\u201d, el equipo de dicha instituci\u00f3n imparti\u00f3 talleres de pintura comunitaria al aire libre, inspirados en el patrimonio arquitect\u00f3nico y cultural local.&nbsp;<\/p>\n<\/div>\n<\/div>\n\n\n\n<div style=\"height:60px\" aria-hidden=\"true\" class=\"wp-block-spacer\"><\/div>\n\n\n\n<div class=\"wp-block-columns are-vertically-aligned-center is-layout-flex wp-container-core-columns-is-layout-28f84493 wp-block-columns-is-layout-flex\">\n<div class=\"wp-block-column is-vertically-aligned-center is-layout-flow wp-block-column-is-layout-flow\" style=\"flex-basis:40%\">\n<h4 class=\"has-black-color has-text-color wp-block-heading\" id=\"bibliomovil\"><meta charset=\"utf-8\">Bibliom\u00f3vil<meta charset=\"utf-8\"><\/h4>\n\n\n\n<p class=\"has-black-color has-text-color\">Apoyamos las gestiones realizadas por la Biblioteca para asegurar la adquisici\u00f3n de un veh\u00edculo Bibliom\u00f3vil, que permite acercar los servicios de esta instituci\u00f3n a todos los rincones de la comuna. La donaci\u00f3n fue realizada por Manuka S.A., y gracias a ella esta instituci\u00f3n octayina puede llevar el servicio de pr\u00e9stamo de libros a cientos de familias.<\/p>\n<\/div>\n\n\n\n<div class=\"wp-block-column is-vertically-aligned-center is-layout-flow wp-block-column-is-layout-flow\" style=\"flex-basis:60%\">\n<\/div>\n<\/div>\n\n\n\n<div style=\"height:60px\" aria-hidden=\"true\" class=\"wp-block-spacer\"><\/div>\n\n\n\n<div class=\"wp-block-columns are-vertically-aligned-center is-layout-flex wp-container-core-columns-is-layout-28f84493 wp-block-columns-is-layout-flex\">\n<div class=\"wp-block-column is-vertically-aligned-center is-layout-flow wp-block-column-is-layout-flow\" style=\"flex-basis:60%\">\n<\/div>\n\n\n\n<div class=\"wp-block-column is-vertically-aligned-center is-layout-flow wp-block-column-is-layout-flow\" style=\"flex-basis:40%\">\n<h4 class=\"has-black-color has-text-color wp-block-heading\" id=\"show-de-magia\"><meta charset=\"utf-8\">Show de magia<meta charset=\"utf-8\"><\/h4>\n\n\n\n<p class=\"has-black-color has-text-color\">Trajimos magia a Puerto Octay, de la mano del reconocido mago Jean Paul Olhaberry y su show, lleno de sorpresas y trucos para todos los miembros de la familia. Las actividades se realizaron en el colegio San Vicente de Paul y tuvieron una gran acogida por parte de la comunidad.<\/p>\n<\/div>\n<\/div>\n\n\n\n<div style=\"height:60px\" aria-hidden=\"true\" class=\"wp-block-spacer\"><\/div>\n\n\n\n<div class=\"wp-block-columns are-vertically-aligned-center is-layout-flex wp-container-core-columns-is-layout-28f84493 wp-block-columns-is-layout-flex\">\n<div class=\"wp-block-column is-vertically-aligned-center is-layout-flow wp-block-column-is-layout-flow\" style=\"flex-basis:40%\">\n<h4 class=\"has-black-color has-text-color wp-block-heading\" id=\"visita-muestra-itinerante-mim-y-teatro-del-lago\"><meta charset=\"utf-8\">Visita muestra itinerante MIM y Teatro del Lago<\/h4>\n\n\n\n<p class=\"has-black-color has-text-color\">Acercamos a ni\u00f1os de escuelas de la comuna a dos experiencias inolvidables vinculadas a la cultura: una muestra itinerante del MIM y al Teatro del Lago. Un total de 90 estudiantes, apoderados y profesores pudieron disfrutarlo, tanto del Colegio San Vicente de Paul como de las escuelas Administraci\u00f3n Rupanco y Rural de Cascadas.<meta charset=\"utf-8\"><\/p>\n<\/div>\n\n\n\n<div class=\"wp-block-column is-vertically-aligned-center is-layout-flow wp-block-column-is-layout-flow\" style=\"flex-basis:60%\">\n<\/div>\n<\/div>\n\n\n\n<div style=\"height:60px\" aria-hidden=\"true\" class=\"wp-block-spacer\"><\/div>\n\n\n\n<div class=\"wp-block-columns are-vertically-aligned-center has-black-color has-text-color is-layout-flex wp-container-core-columns-is-layout-28f84493 wp-block-columns-is-layout-flex\">\n<div class=\"wp-block-column is-vertically-aligned-center is-layout-flow wp-block-column-is-layout-flow\" style=\"flex-basis:60%\">\n<\/div>\n\n\n\n<div class=\"wp-block-column is-vertically-aligned-center is-layout-flow wp-block-column-is-layout-flow\" style=\"flex-basis:40%\">\n<h4 class=\"has-black-color has-text-color wp-block-heading\" id=\"concursos-biblioteca-publica-de-puerto-octay\"><meta charset=\"utf-8\">Concursos Biblioteca P\u00fablica de Puerto Octay<\/h4>\n\n\n\n<p class=\"has-black-color has-text-color\">Participamos en el jurado, con la difusi\u00f3n y gestionando los premios de dos concursos de la Biblioteca P\u00fablica en tiempos de pandemia, gracias a los cuales se pudo seguir promoviendo la lecto-escritura en la comuna, en los que participaron m\u00e1s de 10 ni\u00f1os.&nbsp;<meta charset=\"utf-8\"><\/p>\n<\/div>\n<\/div>\n\n\n\n<div style=\"height:60px\" aria-hidden=\"true\" class=\"wp-block-spacer\"><\/div>\n\n\n\n<h3 class=\"wp-block-heading\" id=\"apoyo-gestion-municipal\">Apoyo Gesti\u00f3n Municipal<\/h3>\n\n\n\n<div class=\"wp-block-columns are-vertically-aligned-center is-layout-flex wp-container-core-columns-is-layout-28f84493 wp-block-columns-is-layout-flex\">\n<div class=\"wp-block-column is-vertically-aligned-center is-layout-flow wp-block-column-is-layout-flow\">\n<p class=\"has-black-color has-text-color\">&#8211; Proyecto de restauraci\u00f3n patrimonial Iglesia San Agust\u00edn<meta charset=\"utf-8\"><\/p>\n\n\n\n<p class=\"has-black-color has-text-color\">&#8211; Recuperaci\u00f3n Cendyr N\u00e1utico<\/p>\n\n\n\n<p class=\"has-black-color has-text-color\">&#8211; Obra Borde Costero<\/p>\n\n\n\n<p class=\"has-black-color has-text-color\">&#8211; Recuperaci\u00f3n Hotel Centinela<\/p>\n\n\n\n<p class=\"has-black-color has-text-color\">&#8211; Plan Regulador Comunal<\/p>\n<\/div>\n\n\n\n<div class=\"wp-block-column is-vertically-aligned-center is-layout-flow wp-block-column-is-layout-flow\">\n<figure class=\"wp-block-image aligncenter size-large\"><img data-recalc-dims=\"1\" loading=\"lazy\" decoding=\"async\" width=\"1024\" height=\"788\" data-attachment-id=\"321\" data-permalink=\"https:\/\/corporacionploc.org\/webploc\/nuestros-ejes\/patrimonio\/iglesia-2\/\" data-orig-file=\"https:\/\/i0.wp.com\/corporacionploc.org\/webploc\/wp-content\/uploads\/2021\/08\/IGLESIA.jpg?fit=2400%2C1847&amp;ssl=1\" data-orig-size=\"2400,1847\" data-comments-opened=\"1\" data-image-meta=\"{&quot;aperture&quot;:&quot;2.8&quot;,&quot;credit&quot;:&quot;&quot;,&quot;camera&quot;:&quot;FC300XW&quot;,&quot;caption&quot;:&quot;&quot;,&quot;created_timestamp&quot;:&quot;1525709740&quot;,&quot;copyright&quot;:&quot;&quot;,&quot;focal_length&quot;:&quot;3.61&quot;,&quot;iso&quot;:&quot;100&quot;,&quot;shutter_speed&quot;:&quot;0.0047619047619048&quot;,&quot;title&quot;:&quot;&quot;,&quot;orientation&quot;:&quot;1&quot;}\" data-image-title=\"IGLESIA\" data-image-description=\"\" data-image-caption=\"\" data-medium-file=\"https:\/\/i0.wp.com\/corporacionploc.org\/webploc\/wp-content\/uploads\/2021\/08\/IGLESIA.jpg?fit=300%2C231&amp;ssl=1\" data-large-file=\"https:\/\/i0.wp.com\/corporacionploc.org\/webploc\/wp-content\/uploads\/2021\/08\/IGLESIA.jpg?fit=1024%2C788&amp;ssl=1\" src=\"https:\/\/i0.wp.com\/corporacionploc.org\/webploc\/wp-content\/uploads\/2021\/08\/IGLESIA.jpg?resize=1024%2C788&#038;ssl=1\" alt=\"\" class=\"wp-image-321\" srcset=\"https:\/\/i0.wp.com\/corporacionploc.org\/webploc\/wp-content\/uploads\/2021\/08\/IGLESIA.jpg?resize=1024%2C788&amp;ssl=1 1024w, https:\/\/i0.wp.com\/corporacionploc.org\/webploc\/wp-content\/uploads\/2021\/08\/IGLESIA.jpg?resize=300%2C231&amp;ssl=1 300w, https:\/\/i0.wp.com\/corporacionploc.org\/webploc\/wp-content\/uploads\/2021\/08\/IGLESIA.jpg?resize=768%2C591&amp;ssl=1 768w, https:\/\/i0.wp.com\/corporacionploc.org\/webploc\/wp-content\/uploads\/2021\/08\/IGLESIA.jpg?resize=1536%2C1182&amp;ssl=1 1536w, https:\/\/i0.wp.com\/corporacionploc.org\/webploc\/wp-content\/uploads\/2021\/08\/IGLESIA.jpg?resize=2048%2C1576&amp;ssl=1 2048w\" sizes=\"auto, (max-width: 1000px) 100vw, 1000px\" \/><\/figure>\n\n\n\n<p><\/p>\n<\/div>\n<\/div>\n","protected":false},"excerpt":{"rendered":"<p>Exposici\u00f3n de obras del maestro Osvaldo Thiers El viernes 30 de septiembre se dio inicio en el segundo nivel del Mercado Municipal de Puerto Octay, de la primera Exhibici\u00f3n de Obras del Maestro Osvaldo Thiers. Qui\u00e9n es Osvaldo Thiers? Artista hiperrealista y surrealista de la comuna de Puerto Octay. Estudi\u00f3 en la Pontificia Universidad Cat\u00f3lica [&hellip;]<\/p>\n","protected":false},"author":1,"featured_media":0,"parent":19,"menu_order":1,"comment_status":"closed","ping_status":"closed","template":"","meta":{"site-sidebar-layout":"default","site-content-layout":"","ast-site-content-layout":"default","site-content-style":"default","site-sidebar-style":"default","ast-global-header-display":"","ast-banner-title-visibility":"","ast-main-header-display":"","ast-hfb-above-header-display":"","ast-hfb-below-header-display":"","ast-hfb-mobile-header-display":"","site-post-title":"","ast-breadcrumbs-content":"","ast-featured-img":"","footer-sml-layout":"","theme-transparent-header-meta":"","adv-header-id-meta":"","stick-header-meta":"","header-above-stick-meta":"","header-main-stick-meta":"","header-below-stick-meta":"","astra-migrate-meta-layouts":"default","ast-page-background-enabled":"default","ast-page-background-meta":{"desktop":{"background-color":"var(--ast-global-color-4)","background-image":"","background-repeat":"repeat","background-position":"center center","background-size":"auto","background-attachment":"scroll","background-type":"","background-media":"","overlay-type":"","overlay-color":"","overlay-opacity":"","overlay-gradient":""},"tablet":{"background-color":"","background-image":"","background-repeat":"repeat","background-position":"center center","background-size":"auto","background-attachment":"scroll","background-type":"","background-media":"","overlay-type":"","overlay-color":"","overlay-opacity":"","overlay-gradient":""},"mobile":{"background-color":"","background-image":"","background-repeat":"repeat","background-position":"center center","background-size":"auto","background-attachment":"scroll","background-type":"","background-media":"","overlay-type":"","overlay-color":"","overlay-opacity":"","overlay-gradient":""}},"ast-content-background-meta":{"desktop":{"background-color":"var(--ast-global-color-5)","background-image":"","background-repeat":"repeat","background-position":"center center","background-size":"auto","background-attachment":"scroll","background-type":"","background-media":"","overlay-type":"","overlay-color":"","overlay-opacity":"","overlay-gradient":""},"tablet":{"background-color":"var(--ast-global-color-5)","background-image":"","background-repeat":"repeat","background-position":"center center","background-size":"auto","background-attachment":"scroll","background-type":"","background-media":"","overlay-type":"","overlay-color":"","overlay-opacity":"","overlay-gradient":""},"mobile":{"background-color":"var(--ast-global-color-5)","background-image":"","background-repeat":"repeat","background-position":"center center","background-size":"auto","background-attachment":"scroll","background-type":"","background-media":"","overlay-type":"","overlay-color":"","overlay-opacity":"","overlay-gradient":""}},"footnotes":""},"class_list":["post-21","page","type-page","status-publish","hentry"],"rise-blocks_excerpt":"Exposici\u00f3n de obras del maestro Osvaldo Thiers El viernes 30 de septiembre se dio inicio en el segundo nivel del Mercado Municipal de Puerto Octay, de la primera Exhibici\u00f3n de Obras del Maestro Osvaldo Thiers. Qui\u00e9n es Osvaldo Thiers? Artista hiperrealista y surrealista de la comuna de Puerto Octay. Estudi\u00f3 en la Pontificia Universidad Cat\u00f3lica de Chile, se perfeccion\u00f3 en..","jetpack_sharing_enabled":true,"_links":{"self":[{"href":"https:\/\/corporacionploc.org\/webploc\/wp-json\/wp\/v2\/pages\/21","targetHints":{"allow":["GET"]}}],"collection":[{"href":"https:\/\/corporacionploc.org\/webploc\/wp-json\/wp\/v2\/pages"}],"about":[{"href":"https:\/\/corporacionploc.org\/webploc\/wp-json\/wp\/v2\/types\/page"}],"author":[{"embeddable":true,"href":"https:\/\/corporacionploc.org\/webploc\/wp-json\/wp\/v2\/users\/1"}],"replies":[{"embeddable":true,"href":"https:\/\/corporacionploc.org\/webploc\/wp-json\/wp\/v2\/comments?post=21"}],"version-history":[{"count":29,"href":"https:\/\/corporacionploc.org\/webploc\/wp-json\/wp\/v2\/pages\/21\/revisions"}],"predecessor-version":[{"id":680,"href":"https:\/\/corporacionploc.org\/webploc\/wp-json\/wp\/v2\/pages\/21\/revisions\/680"}],"up":[{"embeddable":true,"href":"https:\/\/corporacionploc.org\/webploc\/wp-json\/wp\/v2\/pages\/19"}],"wp:attachment":[{"href":"https:\/\/corporacionploc.org\/webploc\/wp-json\/wp\/v2\/media?parent=21"}],"curies":[{"name":"wp","href":"https:\/\/api.w.org\/{rel}","templated":true}]}}